{"id":16,"date":"2026-07-07T22:07:13","date_gmt":"2026-07-07T22:07:13","guid":{"rendered":"https:\/\/preguntasdeab.wpenginepowered.com\/?page_id=16"},"modified":"2026-07-07T23:45:48","modified_gmt":"2026-07-07T23:45:48","slug":"quienes-somos","status":"publish","type":"page","link":"https:\/\/preguntasdeaborto.ipasmexico.org\/?page_id=16","title":{"rendered":"Quienes somos"},"content":{"rendered":"<p>[et_pb_section fb_built=&#8221;1&#8243; disabled_on=&#8221;on|off|off&#8221; _builder_version=&#8221;4.16&#8243; _module_preset=&#8221;default&#8221; global_colors_info=&#8221;{}&#8221;][et_pb_row _builder_version=&#8221;4.16&#8243; _module_preset=&#8221;default&#8221; global_colors_info=&#8221;{}&#8221;][et_pb_column type=&#8221;4_4&#8243; _builder_version=&#8221;4.16&#8243; _module_preset=&#8221;default&#8221; global_colors_info=&#8221;{}&#8221;][et_pb_text _builder_version=&#8221;4.27.7&#8243; _module_preset=&#8221;default&#8221; header_font=&#8221;ABC Whyte Inktrap Heavy|700|||||||&#8221; header_text_color=&#8221;#0e6aaa&#8221; custom_margin=&#8221;||10px||false|false&#8221; global_colors_info=&#8221;{}&#8221;]<\/p>\n<h1>\u00bfQui\u00e9nes somos?<\/h1>\n<p>[\/et_pb_text][et_pb_text _builder_version=&#8221;4.27.7&#8243; _module_preset=&#8221;default&#8221; text_font=&#8221;ABC Whyte Book||||||||&#8221; text_text_color=&#8221;#74737c&#8221; hover_enabled=&#8221;0&#8243; global_colors_info=&#8221;{}&#8221; sticky_enabled=&#8221;0&#8243; text_font_size=&#8221;18px&#8221;]<b>Ipas M\u00e9xico <\/b>es una organizaci\u00f3n no lucrativa que trabaja para asegurar que todas las mujeres puedan elegir sobre su reproducci\u00f3n en territorio nacional. Formamos parte del programa para <b>Ipas Latinoam\u00e9rica y el Caribe (Ipas LAC), <\/b>un nodo de nuestra red internacional en defensa de los derechos reproductivos.<\/p>\n<p>Tejemos redes con distintas organizaciones, sumamos esfuerzos en la prevenci\u00f3n de los embarazos no deseados, en el acceso a la anticoncepci\u00f3n y al aborto seguro, y generamos y divulgamos informaci\u00f3n basada en evidencia cient\u00edfica.[\/et_pb_text][\/et_pb_column][\/et_pb_row][et_pb_row column_structure=&#8221;1_3,1_3,1_3&#8243; _builder_version=&#8221;4.16&#8243; _module_preset=&#8221;default&#8221; global_colors_info=&#8221;{}&#8221;][et_pb_column type=&#8221;1_3&#8243; _builder_version=&#8221;4.16&#8243; _module_preset=&#8221;default&#8221; global_colors_info=&#8221;{}&#8221;][et_pb_blurb title=&#8221;Visi\u00f3n&#8221; _builder_version=&#8221;4.27.7&#8243; _module_preset=&#8221;default&#8221; header_font=&#8221;ABC Whyte Inktrap Heavy|700|||||||&#8221; header_text_align=&#8221;center&#8221; header_text_color=&#8221;#e6008d&#8221; body_font=&#8221;ABC Whyte Book||||||||&#8221; body_text_align=&#8221;center&#8221; background_color=&#8221;#f7f7f7&#8243; custom_padding=&#8221;35px|35px|20px|35px|false|false&#8221; hover_enabled=&#8221;0&#8243; border_radii=&#8221;on|20px|20px|20px|20px&#8221; global_colors_info=&#8221;{}&#8221; sticky_enabled=&#8221;0&#8243; body_font_size=&#8221;18px&#8221;]Creemos en un mundo donde todas las personas tienen el derecho y la capacidad de determinar su sexualidad y salud reproductiva.[\/et_pb_blurb][\/et_pb_column][et_pb_column type=&#8221;1_3&#8243; _builder_version=&#8221;4.16&#8243; _module_preset=&#8221;default&#8221; global_colors_info=&#8221;{}&#8221;][et_pb_blurb title=&#8221;Misi\u00f3n&#8221; _builder_version=&#8221;4.27.7&#8243; _module_preset=&#8221;default&#8221; header_font=&#8221;ABC Whyte Inktrap Heavy|700|||||||&#8221; header_text_align=&#8221;center&#8221; header_text_color=&#8221;#e6008d&#8221; body_font=&#8221;ABC Whyte Book||||||||&#8221; body_text_align=&#8221;center&#8221; background_color=&#8221;#f7f7f7&#8243; custom_padding=&#8221;35px|35px|20px|35px|false|false&#8221; hover_enabled=&#8221;0&#8243; border_radii=&#8221;on|20px|20px|20px|20px&#8221; global_colors_info=&#8221;{}&#8221; body_font_size=&#8221;18px&#8221; sticky_enabled=&#8221;0&#8243;]<\/p>\n<p>Ipas crea ecosistemas resilientes de servicios de aborto y anticoncepci\u00f3n utilizando un enfoque integral que abarca todos los sectores, instituciones y comunidades.<\/span><\/p>\n<p>[\/et_pb_blurb][\/et_pb_column][et_pb_column type=&#8221;1_3&#8243; _builder_version=&#8221;4.16&#8243; _module_preset=&#8221;default&#8221; global_colors_info=&#8221;{}&#8221;][et_pb_blurb title=&#8221;Valores&#8221; _builder_version=&#8221;4.27.7&#8243; _module_preset=&#8221;default&#8221; header_font=&#8221;ABC Whyte Inktrap Heavy|700|||||||&#8221; header_text_align=&#8221;center&#8221; header_text_color=&#8221;#e6008d&#8221; body_font=&#8221;ABC Whyte Book||||||||&#8221; body_text_align=&#8221;center&#8221; background_color=&#8221;#f7f7f7&#8243; custom_padding=&#8221;35px|35px|20px|35px|false|false&#8221; hover_enabled=&#8221;0&#8243; border_radii=&#8221;on|20px|20px|20px|20px&#8221; global_colors_info=&#8221;{}&#8221; body_font_size=&#8221;18px&#8221; sticky_enabled=&#8221;0&#8243;]<\/p>\n<p>Compromiso, colaboraci\u00f3n, audacia, confiabilidad, empat\u00eda.<\/span><\/p>\n<p>[\/et_pb_blurb][\/et_pb_column][\/et_pb_row][et_pb_row _builder_version=&#8221;4.16&#8243; _module_preset=&#8221;default&#8221; custom_margin=&#8221;55px||||false|false&#8221; custom_padding=&#8221;||0px||false|false&#8221; global_colors_info=&#8221;{}&#8221;][et_pb_column type=&#8221;4_4&#8243; _builder_version=&#8221;4.16&#8243; _module_preset=&#8221;default&#8221; global_colors_info=&#8221;{}&#8221;][et_pb_text _builder_version=&#8221;4.27.7&#8243; _module_preset=&#8221;default&#8221; header_3_font=&#8221;Poppins|700|||||||&#8221; header_3_text_align=&#8221;center&#8221; custom_margin=&#8221;||10px||false|false&#8221; hover_enabled=&#8221;0&#8243; global_colors_info=&#8221;{}&#8221; sticky_enabled=&#8221;0&#8243; header_2_font=&#8221;ABC Whyte Inktrap Heavy||||||||&#8221; header_2_text_align=&#8221;center&#8221;]<\/p>\n<h2>L\u00edneas estrat\u00e9gicas<\/h2>\n<p>[\/et_pb_text][et_pb_divider color=&#8221;#e6008d&#8221; divider_weight=&#8221;2px&#8221; _builder_version=&#8221;4.16&#8243; _module_preset=&#8221;default&#8221; width=&#8221;100px&#8221; module_alignment=&#8221;center&#8221; global_colors_info=&#8221;{}&#8221;][\/et_pb_divider][\/et_pb_column][\/et_pb_row][et_pb_row column_structure=&#8221;1_3,1_3,1_3&#8243; _builder_version=&#8221;4.16&#8243; _module_preset=&#8221;default&#8221; global_colors_info=&#8221;{}&#8221;][et_pb_column type=&#8221;1_3&#8243; _builder_version=&#8221;4.16&#8243; _module_preset=&#8221;default&#8221; global_colors_info=&#8221;{}&#8221;][et_pb_blurb title=&#8221;Mejores pol\u00edticas, leyes y financiamiento&#8221; use_icon=&#8221;on&#8221; font_icon=&#8221;&#x4e;||divi||400&#8243; _builder_version=&#8221;4.16&#8243; _module_preset=&#8221;default&#8221; header_font=&#8221;ABC Whyte Inktrap Heavy|700|||||||&#8221; header_text_color=&#8221;#e6008d&#8221; body_font=&#8221;ABC Whyte Book||||||||&#8221; hover_enabled=&#8221;0&#8243; use_circle=&#8221;on&#8221; circle_color=&#8221;#e6008d&#8221; global_colors_info=&#8221;{}&#8221; background_color=&#8221;#f7f7f7&#8243; header_text_align=&#8221;center&#8221; body_text_align=&#8221;center&#8221; body_font_size=&#8221;18px&#8221; border_radii=&#8221;on|20px|20px|20px|20px&#8221; custom_padding=&#8221;35px|35px|20px|35px|false|false&#8221;]<\/p>\n<p><span style=\"font-weight: 400;\">Trabajamos para que las y los tomadores de decisi\u00f3n dise\u00f1en, aprueben y vigilen el cumplimiento de leyes, pol\u00edticas p\u00fablicas y presupuestos que garanticen el acceso a la anticoncepci\u00f3n y el aborto para todas las mujeres y personas gestantes.<\/span><\/p>\n<p>[\/et_pb_blurb][\/et_pb_column][et_pb_column type=&#8221;1_3&#8243; _builder_version=&#8221;4.16&#8243; _module_preset=&#8221;default&#8221; global_colors_info=&#8221;{}&#8221;][et_pb_blurb title=&#8221;Mejores normas sociales y agencia&#8221; use_icon=&#8221;on&#8221; font_icon=&#8221;&#x4e;||divi||400&#8243; _builder_version=&#8221;4.16&#8243; _module_preset=&#8221;default&#8221; header_font=&#8221;ABC Whyte Inktrap Heavy|700|||||||&#8221; header_text_color=&#8221;#e6008d&#8221; body_font=&#8221;ABC Whyte Book||||||||&#8221; hover_enabled=&#8221;0&#8243; use_circle=&#8221;on&#8221; circle_color=&#8221;#e6008d&#8221; global_colors_info=&#8221;{}&#8221; background_color=&#8221;#f7f7f7&#8243; header_text_align=&#8221;center&#8221; body_text_align=&#8221;center&#8221; body_font_size=&#8221;18px&#8221; border_radii=&#8221;on|20px|20px|20px|20px&#8221; custom_padding=&#8221;35px|35px|20px|35px|false|false&#8221;]<\/p>\n<p><span style=\"font-weight: 400;\">Buscamos que las mujeres de Latinoam\u00e9rica y El Caribe cuenten con acceso a informaci\u00f3n y apoyo social que les permita ejercer su autonom\u00eda y agencia para la toma de decisiones sobre su sexualidad y vida reproductiva, con menos estigma y discriminaci\u00f3n, especialmente en torno a la prevenci\u00f3n de embarazos no deseados y el acceso a los servicios de aborto.<\/span><\/p>\n<p>[\/et_pb_blurb][\/et_pb_column][et_pb_column type=&#8221;1_3&#8243; _builder_version=&#8221;4.16&#8243; _module_preset=&#8221;default&#8221; global_colors_info=&#8221;{}&#8221;][et_pb_blurb title=&#8221;Mejor acceso, disponibilidad y aceptabilidad&#8221; use_icon=&#8221;on&#8221; font_icon=&#8221;&#x4e;||divi||400&#8243; _builder_version=&#8221;4.16&#8243; _module_preset=&#8221;default&#8221; header_font=&#8221;ABC Whyte Inktrap Heavy|700|||||||&#8221; header_text_color=&#8221;#e6008d&#8221; body_font=&#8221;ABC Whyte Book||||||||&#8221; hover_enabled=&#8221;0&#8243; use_circle=&#8221;on&#8221; circle_color=&#8221;#e6008d&#8221; global_colors_info=&#8221;{}&#8221; background_color=&#8221;#f7f7f7&#8243; header_text_align=&#8221;center&#8221; body_text_align=&#8221;center&#8221; body_font_size=&#8221;18px&#8221; border_radii=&#8221;on|20px|20px|20px|20px&#8221; custom_padding=&#8221;35px|35px|20px|35px|false|false&#8221;]<\/p>\n<p><span style=\"font-weight: 400;\">Impulsamos que las v\u00edas de acceso a los servicios de aborto y anticoncepci\u00f3n en la regi\u00f3n se fortalezcan, garanticen la autonom\u00eda reproductiva y proporcionen atenci\u00f3n de calidad, accesible, aceptable, oportuna y asequible.<\/span><\/p>\n<p>[\/et_pb_blurb][\/et_pb_column][\/et_pb_row][et_pb_row _builder_version=&#8221;4.16&#8243; _module_preset=&#8221;default&#8221; custom_margin=&#8221;55px||||false|false&#8221; custom_padding=&#8221;||0px||false|false&#8221; global_colors_info=&#8221;{}&#8221;][et_pb_column type=&#8221;4_4&#8243; _builder_version=&#8221;4.16&#8243; _module_preset=&#8221;default&#8221; global_colors_info=&#8221;{}&#8221;][et_pb_text _builder_version=&#8221;4.27.7&#8243; _module_preset=&#8221;default&#8221; header_3_font=&#8221;Poppins|700|||||||&#8221; header_3_text_align=&#8221;center&#8221; custom_margin=&#8221;||10px||false|false&#8221; global_colors_info=&#8221;{}&#8221; sticky_enabled=&#8221;0&#8243; header_2_font=&#8221;ABC Whyte Inktrap Heavy||||||||&#8221; header_2_text_align=&#8221;center&#8221;]<\/p>\n<h2>\u00bfC\u00f3mo lo hacemos?<\/h2>\n<p>[\/et_pb_text][et_pb_divider color=&#8221;#e6008d&#8221; divider_weight=&#8221;2px&#8221; _builder_version=&#8221;4.16&#8243; _module_preset=&#8221;default&#8221; width=&#8221;100px&#8221; module_alignment=&#8221;center&#8221; custom_margin=&#8221;||10px||false|false&#8221; global_colors_info=&#8221;{}&#8221;][\/et_pb_divider][et_pb_text _builder_version=&#8221;4.27.7&#8243; _module_preset=&#8221;default&#8221; text_font=&#8221;ABC Whyte Book||||||||&#8221; text_text_color=&#8221;#74737c&#8221; hover_enabled=&#8221;0&#8243; global_colors_info=&#8221;{}&#8221; sticky_enabled=&#8221;0&#8243; text_font_size=&#8221;18px&#8221;]Consideramos que es necesario impulsar el acceso al aborto como parte de un ecosistema sostenible en el que las partes interesadas -mujeres y personas con capacidad de gestar, actores gubernamentales, personal de salud, organizaciones civiles, activistas y financistas- trabajen de manera interrelacionada y comprometida con los derechos reproductivos.<\/p>\n<p>Para atender las necesidades en salud sexual y reproductiva de mujeres, ni\u00f1as y adolescentes, nos enfocamos en:\u00a0<\/span><\/p>\n<ul>\n<li>Mejorar la calidad de los servicios de salud para ellas, aumentar el acceso a los mismos y expandir sus derechos sexuales y reproductivos.<\/span><\/li>\n<li>Capacitar a las\/los trabajadoras\/es de la salud y llevar a cabo investigaciones para contribuir a la disponibilidad de mejor atenci\u00f3n de alta calidad basada en evidencia.<\/span><\/li>\n<li><span style=\"font-weight: 400;\"><\/span> <span style=\"font-weight: 400;\">Colaborar con organizaciones comunitarias para ampliar la informaci\u00f3n de las mujeres y sus comunidades sobre sus derechos.<\/span><\/li>\n<li>\nAbogar por la legalidad de procedimientos de aborto seguro y apoyar defensoras\/es locales en los derechos sexuales y reproductivos de las mujeres.<\/li>\n<ul>[\/et_pb_text][\/et_pb_column][\/et_pb_row][\/et_pb_section]<\/p>\n","protected":false},"excerpt":{"rendered":"<p>\u00bfQui\u00e9nes somos?Ipas M\u00e9xico es una organizaci\u00f3n no lucrativa que trabaja para asegurar que todas las mujeres puedan elegir sobre su reproducci\u00f3n en territorio nacional. Formamos parte del programa para Ipas Latinoam\u00e9rica y el Caribe (Ipas LAC), un nodo de nuestra red internacional en defensa de los derechos reproductivos. Tejemos redes con distintas organizaciones, sumamos esfuerzos [&hellip;]<\/p>\n","protected":false},"author":2,"featured_media":0,"parent":0,"menu_order":0,"comment_status":"closed","ping_status":"closed","template":"","meta":{"_et_pb_use_builder":"on","_et_pb_old_content":"","_et_gb_content_width":"","inline_featured_image":false,"footnotes":""},"class_list":["post-16","page","type-page","status-publish","hentry"],"_links":{"self":[{"href":"https:\/\/preguntasdeaborto.ipasmexico.org\/index.php?rest_route=\/wp\/v2\/pages\/16","targetHints":{"allow":["GET"]}}],"collection":[{"href":"https:\/\/preguntasdeaborto.ipasmexico.org\/index.php?rest_route=\/wp\/v2\/pages"}],"about":[{"href":"https:\/\/preguntasdeaborto.ipasmexico.org\/index.php?rest_route=\/wp\/v2\/types\/page"}],"author":[{"embeddable":true,"href":"https:\/\/preguntasdeaborto.ipasmexico.org\/index.php?rest_route=\/wp\/v2\/users\/2"}],"replies":[{"embeddable":true,"href":"https:\/\/preguntasdeaborto.ipasmexico.org\/index.php?rest_route=%2Fwp%2Fv2%2Fcomments&post=16"}],"version-history":[{"count":5,"href":"https:\/\/preguntasdeaborto.ipasmexico.org\/index.php?rest_route=\/wp\/v2\/pages\/16\/revisions"}],"predecessor-version":[{"id":76,"href":"https:\/\/preguntasdeaborto.ipasmexico.org\/index.php?rest_route=\/wp\/v2\/pages\/16\/revisions\/76"}],"wp:attachment":[{"href":"https:\/\/preguntasdeaborto.ipasmexico.org\/index.php?rest_route=%2Fwp%2Fv2%2Fmedia&parent=16"}],"curies":[{"name":"wp","href":"https:\/\/api.w.org\/{rel}","templated":true}]}}